{"id":47,"date":"2025-01-30T15:20:20","date_gmt":"2025-01-30T14:20:20","guid":{"rendered":"https:\/\/vingt-septembre.fr\/?page_id=47"},"modified":"2025-01-30T15:21:14","modified_gmt":"2025-01-30T14:21:14","slug":"mentions-legales","status":"publish","type":"page","link":"https:\/\/vingt-septembre.fr\/?page_id=47","title":{"rendered":"mentions l\u00e9gales"},"content":{"rendered":"\n<h4 class=\"wp-block-heading\"><strong>1. Informations l\u00e9gales<\/strong><\/h4>\n\n\n\n<p>Conform\u00e9ment \u00e0 l&rsquo;article 6 de la loi n\u00b02004-575 du 21 juin 2004 pour la confiance dans l&rsquo;\u00e9conomie num\u00e9rique (LCEN), voici les informations obligatoires concernant ce site :<\/p>\n\n\n\n<p><strong>Propri\u00e9taire du site :<\/strong><br>Nom ou raison sociale : Vingt Septembre<br>Statut juridique : SARLU<br>Si\u00e8ge social : 27 rue de la fontaine &#8211; 49310 Montilliers<br>Num\u00e9ro SIRET : [&#8211;]<br>RCS : Angers<br>Num\u00e9ro de TVA intracommunautaire : [&#8211;]<br>Responsable de la publication : Ana\u00efs Rampillon<br>Contact : anais@vingt-septembre.fr<\/p>\n\n\n\n<p><strong>H\u00e9bergeur du site :<\/strong><br>Nom : OVH<br>Adresse : 2 Rue Kellermann, 59100 Roubaix, France<br>T\u00e9l\u00e9phone : +33 9 72 10 10 07<\/p>\n\n\n\n<hr class=\"wp-block-separator has-alpha-channel-opacity\"\/>\n\n\n\n<h4 class=\"wp-block-heading\"><strong>2. Propri\u00e9t\u00e9 intellectuelle<\/strong><\/h4>\n\n\n\n<p>Le contenu de ce site (textes, images, graphismes, logo, etc.) est la propri\u00e9t\u00e9 exclusive de Vingt Septembre sauf mention contraire. Toute reproduction, distribution, modification ou utilisation sans autorisation pr\u00e9alable est strictement interdite.<\/p>\n\n\n\n<hr class=\"wp-block-separator has-alpha-channel-opacity\"\/>\n\n\n\n<h4 class=\"wp-block-heading\"><strong>3. Limitation de responsabilit\u00e9<\/strong><\/h4>\n\n\n\n<p>Vingt Septembre s\u2019efforce d\u2019assurer l\u2019exactitude des informations pr\u00e9sentes sur ce site. Toutefois, elle ne peut \u00eatre tenue responsable des erreurs ou omissions, ni des dommages directs ou indirects r\u00e9sultant de l\u2019usage de ce site.<\/p>\n\n\n\n<hr class=\"wp-block-separator has-alpha-channel-opacity\"\/>\n\n\n\n<h4 class=\"wp-block-heading\"><strong>4. Politique de confidentialit\u00e9 (RGPD)<\/strong><\/h4>\n\n\n\n<p><strong>Collecte des donn\u00e9es personnelles :<\/strong><br>Les informations recueillies via les formulaires (nom, pr\u00e9nom, e-mail, t\u00e9l\u00e9phone, etc.) sont n\u00e9cessaires pour r\u00e9pondre \u00e0 vos demandes ou pour l\u2019ex\u00e9cution des services propos\u00e9s. Ces donn\u00e9es sont collect\u00e9es avec votre consentement et ne sont utilis\u00e9es que dans ce cadre.<\/p>\n\n\n\n<p><strong>Droits des utilisateurs :<\/strong><br>Conform\u00e9ment au RGPD et \u00e0 la loi Informatique et Libert\u00e9s, vous disposez des droits suivants sur vos donn\u00e9es :<\/p>\n\n\n\n<ul class=\"wp-block-list\">\n<li>Droit d\u2019acc\u00e8s, de rectification ou de suppression.<\/li>\n\n\n\n<li>Droit \u00e0 la portabilit\u00e9 de vos donn\u00e9es.<\/li>\n\n\n\n<li>Droit de limiter ou de vous opposer au traitement de vos donn\u00e9es.<\/li>\n<\/ul>\n\n\n\n<p>Pour exercer ces droits, contactez-nous par e-mail \u00e0 : anais@vingt-septembre.fr<\/p>\n\n\n\n<p><strong>Dur\u00e9e de conservation des donn\u00e9es :<\/strong><br>Vos donn\u00e9es personnelles sont conserv\u00e9es uniquement le temps n\u00e9cessaire \u00e0 leur traitement.<\/p>\n\n\n\n<p><strong>Cookies :<\/strong><br>Ce site utilise des cookies pour am\u00e9liorer votre exp\u00e9rience utilisateur. Vous pouvez g\u00e9rer vos pr\u00e9f\u00e9rences via les param\u00e8tres de votre navigateur.<\/p>\n\n\n\n<hr class=\"wp-block-separator has-alpha-channel-opacity\"\/>\n\n\n\n<h4 class=\"wp-block-heading\"><strong>5. Liens hypertextes<\/strong><\/h4>\n\n\n\n<p>Le site peut contenir des liens vers des sites tiers. Vingt Septembre n\u2019est pas responsable du contenu de ces sites externes ni des \u00e9ventuels dommages r\u00e9sultant de leur consultation.<\/p>\n\n\n\n<hr class=\"wp-block-separator has-alpha-channel-opacity\"\/>\n\n\n\n<h4 class=\"wp-block-heading\"><strong>6. Droit applicable et juridiction<\/strong><\/h4>\n\n\n\n<p>Les pr\u00e9sentes mentions l\u00e9gales sont r\u00e9gies par le droit fran\u00e7ais. En cas de litige, les tribunaux comp\u00e9tents seront ceux du ressort de Angers.<\/p>\n","protected":false},"excerpt":{"rendered":"<p>1. Informations l\u00e9gales Conform\u00e9ment \u00e0 l&rsquo;article 6 de la loi n\u00b02004-575 du 21 juin 2004 pour la confiance dans l&rsquo;\u00e9conomie num\u00e9rique (LCEN), voici les informations obligatoires concernant ce site : Propri\u00e9taire du site :Nom ou raison sociale : Vingt SeptembreStatut juridique : SARLUSi\u00e8ge social : 27 rue de la fontaine &#8211; 49310 MontilliersNum\u00e9ro SIRET : [&hellip;]<\/p>\n","protected":false},"author":1,"featured_media":0,"parent":0,"menu_order":0,"comment_status":"closed","ping_status":"closed","template":"","meta":{"_monsterinsights_skip_tracking":false,"_monsterinsights_sitenote_active":false,"_monsterinsights_sitenote_note":"","_monsterinsights_sitenote_category":0,"footnotes":""},"class_list":["post-47","page","type-page","status-publish","hentry"],"_links":{"self":[{"href":"https:\/\/vingt-septembre.fr\/index.php?rest_route=\/wp\/v2\/pages\/47","targetHints":{"allow":["GET"]}}],"collection":[{"href":"https:\/\/vingt-septembre.fr\/index.php?rest_route=\/wp\/v2\/pages"}],"about":[{"href":"https:\/\/vingt-septembre.fr\/index.php?rest_route=\/wp\/v2\/types\/page"}],"author":[{"embeddable":true,"href":"https:\/\/vingt-septembre.fr\/index.php?rest_route=\/wp\/v2\/users\/1"}],"replies":[{"embeddable":true,"href":"https:\/\/vingt-septembre.fr\/index.php?rest_route=%2Fwp%2Fv2%2Fcomments&post=47"}],"version-history":[{"count":1,"href":"https:\/\/vingt-septembre.fr\/index.php?rest_route=\/wp\/v2\/pages\/47\/revisions"}],"predecessor-version":[{"id":49,"href":"https:\/\/vingt-septembre.fr\/index.php?rest_route=\/wp\/v2\/pages\/47\/revisions\/49"}],"wp:attachment":[{"href":"https:\/\/vingt-septembre.fr\/index.php?rest_route=%2Fwp%2Fv2%2Fmedia&parent=47"}],"curies":[{"name":"wp","href":"https:\/\/api.w.org\/{rel}","templated":true}]}}